{"id":2931,"date":"2024-05-08T11:39:12","date_gmt":"2024-05-08T15:39:12","guid":{"rendered":"https:\/\/objectif-tourisme.ca\/empresas-turisticas\/"},"modified":"2025-01-22T15:55:44","modified_gmt":"2025-01-22T20:55:44","slug":"empresas-turisticas","status":"publish","type":"page","link":"https:\/\/objectif-tourisme.ca\/es\/empresas-turisticas\/","title":{"rendered":"Empresas tur\u00edsticas"},"content":{"rendered":"\t\t<div data-elementor-type=\"wp-page\" data-elementor-id=\"2931\" class=\"elementor elementor-2931 elementor-1583\" data-elementor-post-type=\"page\">\n\t\t\t\t<div class=\"elementor-element elementor-element-89baea5 e-con-full e-flex e-con e-parent\" data-id=\"89baea5\" data-element_type=\"container\" data-settings=\"{&quot;background_background&quot;:&quot;classic&quot;}\">\n\t\t\t\t<\/div>\n\t\t<div class=\"elementor-element elementor-element-a45c308 e-flex e-con-boxed e-con e-parent\" data-id=\"a45c308\" data-element_type=\"container\">\n\t\t\t\t\t<div class=\"e-con-inner\">\n\t\t<div class=\"elementor-element elementor-element-6832368 e-con-full e-transform e-flex e-con e-child\" data-id=\"6832368\" data-element_type=\"container\" data-settings=\"{&quot;background_background&quot;:&quot;classic&quot;,&quot;position&quot;:&quot;absolute&quot;,&quot;_transform_rotateZ_effect&quot;:{&quot;unit&quot;:&quot;px&quot;,&quot;size&quot;:-3,&quot;sizes&quot;:[]},&quot;_transform_rotateZ_effect_laptop&quot;:{&quot;unit&quot;:&quot;deg&quot;,&quot;size&quot;:&quot;&quot;,&quot;sizes&quot;:[]},&quot;_transform_rotateZ_effect_tablet&quot;:{&quot;unit&quot;:&quot;deg&quot;,&quot;size&quot;:&quot;&quot;,&quot;sizes&quot;:[]},&quot;_transform_rotateZ_effect_mobile&quot;:{&quot;unit&quot;:&quot;deg&quot;,&quot;size&quot;:&quot;&quot;,&quot;sizes&quot;:[]}}\">\n\t\t\t\t<div class=\"elementor-element elementor-element-79f20ec elementor-widget elementor-widget-heading\" data-id=\"79f20ec\" data-element_type=\"widget\" data-widget_type=\"heading.default\">\n\t\t\t\t<div class=\"elementor-widget-container\">\n\t\t\t<style>\/*! elementor - v3.23.0 - 05-08-2024 *\/\n.elementor-heading-title{padding:0;margin:0;line-height:1}.elementor-widget-heading .elementor-heading-title[class*=elementor-size-]>a{color:inherit;font-size:inherit;line-height:inherit}.elementor-widget-heading .elementor-heading-title.elementor-size-small{font-size:15px}.elementor-widget-heading .elementor-heading-title.elementor-size-medium{font-size:19px}.elementor-widget-heading .elementor-heading-title.elementor-size-large{font-size:29px}.elementor-widget-heading .elementor-heading-title.elementor-size-xl{font-size:39px}.elementor-widget-heading .elementor-heading-title.elementor-size-xxl{font-size:59px}<\/style><h1 class=\"elementor-heading-title elementor-size-default\">Empresas tur\u00edsticas<\/h1>\t\t<\/div>\n\t\t\t\t<\/div>\n\t\t\t\t<\/div>\n\t\t\t\t\t<\/div>\n\t\t\t\t<\/div>\n\t\t<div class=\"elementor-element elementor-element-fc10835 e-flex e-con-boxed e-con e-parent\" data-id=\"fc10835\" data-element_type=\"container\" data-settings=\"{&quot;background_background&quot;:&quot;classic&quot;}\">\n\t\t\t\t\t<div class=\"e-con-inner\">\n\t\t\t\t<div class=\"elementor-element elementor-element-d76d791 elementor-widget elementor-widget-heading\" data-id=\"d76d791\" data-element_type=\"widget\" data-widget_type=\"heading.default\">\n\t\t\t\t<div class=\"elementor-widget-container\">\n\t\t\t<h3 class=\"elementor-heading-title elementor-size-default\">El proyecto piloto de integraci\u00f3n de solicitantes de asilo en el sector tur\u00edstico se suprimir\u00e1 progresivamente antes del 21 de febrero de 2025.<\/h3>\t\t<\/div>\n\t\t\t\t<\/div>\n\t\t\t\t<div class=\"elementor-element elementor-element-b4723d9 elementor-widget elementor-widget-text-editor\" data-id=\"b4723d9\" data-element_type=\"widget\" data-widget_type=\"text-editor.default\">\n\t\t\t\t<div class=\"elementor-widget-container\">\n\t\t\t<style>\/*! elementor - v3.23.0 - 05-08-2024 *\/\n.elementor-widget-text-editor.elementor-drop-cap-view-stacked .elementor-drop-cap{background-color:#69727d;color:#fff}.elementor-widget-text-editor.elementor-drop-cap-view-framed .elementor-drop-cap{color:#69727d;border:3px solid;background-color:transparent}.elementor-widget-text-editor:not(.elementor-drop-cap-view-default) .elementor-drop-cap{margin-top:8px}.elementor-widget-text-editor:not(.elementor-drop-cap-view-default) .elementor-drop-cap-letter{width:1em;height:1em}.elementor-widget-text-editor .elementor-drop-cap{float:left;text-align:center;line-height:1;font-size:50px}.elementor-widget-text-editor .elementor-drop-cap-letter{display:inline-block}<\/style>\t\t\t\t<p><strong>Si eres una empresa tur\u00edstica que a\u00fan no se ha inscrito en el proyecto piloto<\/strong><\/p><p><span style=\"color: var( --e-global-color-text ); font-family: var( --e-global-typography-text-font-family ), Sans-serif; font-size: var( --e-global-typography-text-font-size ); font-weight: var( --e-global-typography-text-font-weight ); text-align: var(--text-align); background-color: var( --e-global-color-accent );\">Ya no es posible inscribirse y obtener ayudas para el proyecto piloto.<\/span><\/p>\n<p>Si quieres consultar los recursos laborales y humanos a disposici\u00f3n de las empresas tur\u00edsticas, te invitamos a visitar la p\u00e1gina web del Conseil qu\u00e9b\u00e9cois des ressources humaines en tourisme (CQRHT) en <span style=\"text-decoration: underline;\"><a href=\"https:\/\/cqrht.qc.ca\/\">cqrht.qc.ca.<\/a><\/span><\/p>\n<p><strong>Si eres una empresa inscrita en el proyecto piloto y quieres anunciar un puesto u obtener una red de contactos<\/strong><\/p>\n<p>&nbsp;Las actividades de creaci\u00f3n de redes entre solicitantes de asilo y empresas tur\u00edsticas contin\u00faan hasta el 14 de febrero de 2025. Puedes ponerte en contacto con tu asesor o con el asesor de tu proyecto piloto para obtener m\u00e1s informaci\u00f3n.<\/p>\n<p>&nbsp;Las empresas pueden anunciar vacantes hasta el 31 de enero de 2025.<\/p>\n<p><strong>Eres una empresa inscrita en el proyecto piloto con uno o m\u00e1s solicitantes de asilo inscritos en el proyecto piloto a tu cargo<\/strong><\/p>\n<p>&nbsp;Los servicios de apoyo a las empresas finalizar\u00e1n el 21 de febrero de 2025. Puedes ponerte en contacto con tu asesor o con el asesor de tu proyecto piloto para obtener m\u00e1s informaci\u00f3n.<\/p>\t\t\t\t\t\t<\/div>\n\t\t\t\t<\/div>\n\t\t\t\t\t<\/div>\n\t\t\t\t<\/div>\n\t\t\t\t<\/div>\n\t\t","protected":false},"excerpt":{"rendered":"<p>Empresas tur\u00edsticas El proyecto piloto de integraci\u00f3n de solicitantes de asilo en el sector tur\u00edstico se suprimir\u00e1 progresivamente antes del 21 de febrero de 2025. Si eres una empresa tur\u00edstica que a\u00fan no se ha inscrito en el proyecto piloto Ya no es posible inscribirse y obtener ayudas para el proyecto piloto. Si quieres consultar [&hellip;]<\/p>\n","protected":false},"author":1,"featured_media":0,"parent":0,"menu_order":0,"comment_status":"closed","ping_status":"closed","template":"elementor_header_footer","meta":{"_acf_changed":false,"footnotes":""},"class_list":["post-2931","page","type-page","status-publish","hentry"],"acf":[],"yoast_head":"<!-- This site is optimized with the Yoast SEO plugin v27.5 - https:\/\/yoast.com\/product\/yoast-seo-wordpress\/ -->\n<title>Contrataci\u00f3n de solicitantes de asilo en el sector tur\u00edstico - Objectif Tourisme<\/title>\n<meta name=\"description\" content=\"Descubre c\u00f3mo tu empresa tur\u00edstica puede beneficiarse de la contrataci\u00f3n de solicitantes de asilo con Objectif Tourisme. Accede a asesoramiento, recursos y buenas pr\u00e1cticas para integrar el talento diverso y apoyar la inclusi\u00f3n social.\" \/>\n<meta name=\"robots\" content=\"index, follow, max-snippet:-1, max-image-preview:large, max-video-preview:-1\" \/>\n<link rel=\"canonical\" href=\"https:\/\/objectif-tourisme.ca\/es\/empresas-turisticas\/\" \/>\n<meta property=\"og:locale\" content=\"es_ES\" \/>\n<meta property=\"og:type\" content=\"article\" \/>\n<meta property=\"og:title\" content=\"Contrataci\u00f3n de solicitantes de asilo en el sector tur\u00edstico - Objectif Tourisme\" \/>\n<meta property=\"og:description\" content=\"Descubre c\u00f3mo tu empresa tur\u00edstica puede beneficiarse de la contrataci\u00f3n de solicitantes de asilo con Objectif Tourisme. Accede a asesoramiento, recursos y buenas pr\u00e1cticas para integrar el talento diverso y apoyar la inclusi\u00f3n social.\" \/>\n<meta property=\"og:url\" content=\"https:\/\/objectif-tourisme.ca\/es\/empresas-turisticas\/\" \/>\n<meta property=\"og:site_name\" content=\"CQRHT - Objectif Tourisme\" \/>\n<meta property=\"article:modified_time\" content=\"2025-01-22T20:55:44+00:00\" \/>\n<meta name=\"twitter:card\" content=\"summary_large_image\" \/>\n<meta name=\"twitter:label1\" content=\"Tiempo de lectura\" \/>\n\t<meta name=\"twitter:data1\" content=\"1 minuto\" \/>\n<script type=\"application\/ld+json\" class=\"yoast-schema-graph\">{\"@context\":\"https:\\\/\\\/schema.org\",\"@graph\":[{\"@type\":\"WebPage\",\"@id\":\"https:\\\/\\\/objectif-tourisme.ca\\\/es\\\/empresas-turisticas\\\/\",\"url\":\"https:\\\/\\\/objectif-tourisme.ca\\\/es\\\/empresas-turisticas\\\/\",\"name\":\"Contrataci\u00f3n de solicitantes de asilo en el sector tur\u00edstico - Objectif Tourisme\",\"isPartOf\":{\"@id\":\"https:\\\/\\\/objectif-tourisme.ca\\\/#website\"},\"datePublished\":\"2024-05-08T15:39:12+00:00\",\"dateModified\":\"2025-01-22T20:55:44+00:00\",\"description\":\"Descubre c\u00f3mo tu empresa tur\u00edstica puede beneficiarse de la contrataci\u00f3n de solicitantes de asilo con Objectif Tourisme. Accede a asesoramiento, recursos y buenas pr\u00e1cticas para integrar el talento diverso y apoyar la inclusi\u00f3n social.\",\"breadcrumb\":{\"@id\":\"https:\\\/\\\/objectif-tourisme.ca\\\/es\\\/empresas-turisticas\\\/#breadcrumb\"},\"inLanguage\":\"es\",\"potentialAction\":[{\"@type\":\"ReadAction\",\"target\":[\"https:\\\/\\\/objectif-tourisme.ca\\\/es\\\/empresas-turisticas\\\/\"]}]},{\"@type\":\"BreadcrumbList\",\"@id\":\"https:\\\/\\\/objectif-tourisme.ca\\\/es\\\/empresas-turisticas\\\/#breadcrumb\",\"itemListElement\":[{\"@type\":\"ListItem\",\"position\":1,\"name\":\"Accueil\",\"item\":\"https:\\\/\\\/objectif-tourisme.ca\\\/es\\\/inicion\\\/\"},{\"@type\":\"ListItem\",\"position\":2,\"name\":\"Empresas tur\u00edsticas\"}]},{\"@type\":\"WebSite\",\"@id\":\"https:\\\/\\\/objectif-tourisme.ca\\\/#website\",\"url\":\"https:\\\/\\\/objectif-tourisme.ca\\\/\",\"name\":\"CQRHT - Objectif Tourisme\",\"description\":\"Objectifs Tourisme\",\"publisher\":{\"@id\":\"https:\\\/\\\/objectif-tourisme.ca\\\/#organization\"},\"potentialAction\":[{\"@type\":\"SearchAction\",\"target\":{\"@type\":\"EntryPoint\",\"urlTemplate\":\"https:\\\/\\\/objectif-tourisme.ca\\\/?s={search_term_string}\"},\"query-input\":{\"@type\":\"PropertyValueSpecification\",\"valueRequired\":true,\"valueName\":\"search_term_string\"}}],\"inLanguage\":\"es\"},{\"@type\":\"Organization\",\"@id\":\"https:\\\/\\\/objectif-tourisme.ca\\\/#organization\",\"name\":\"CQRHT - Objectif Tourisme\",\"url\":\"https:\\\/\\\/objectif-tourisme.ca\\\/\",\"logo\":{\"@type\":\"ImageObject\",\"inLanguage\":\"es\",\"@id\":\"https:\\\/\\\/objectif-tourisme.ca\\\/#\\\/schema\\\/logo\\\/image\\\/\",\"url\":\"https:\\\/\\\/objectif-tourisme.ca\\\/wp-content\\\/uploads\\\/2023\\\/12\\\/Logo_ObjectifTourisme-renv.svg\",\"contentUrl\":\"https:\\\/\\\/objectif-tourisme.ca\\\/wp-content\\\/uploads\\\/2023\\\/12\\\/Logo_ObjectifTourisme-renv.svg\",\"width\":569,\"height\":155,\"caption\":\"CQRHT - Objectif Tourisme\"},\"image\":{\"@id\":\"https:\\\/\\\/objectif-tourisme.ca\\\/#\\\/schema\\\/logo\\\/image\\\/\"}}]}<\/script>\n<!-- \/ Yoast SEO plugin. -->","yoast_head_json":{"title":"Contrataci\u00f3n de solicitantes de asilo en el sector tur\u00edstico - Objectif Tourisme","description":"Descubre c\u00f3mo tu empresa tur\u00edstica puede beneficiarse de la contrataci\u00f3n de solicitantes de asilo con Objectif Tourisme. Accede a asesoramiento, recursos y buenas pr\u00e1cticas para integrar el talento diverso y apoyar la inclusi\u00f3n social.","robots":{"index":"index","follow":"follow","max-snippet":"max-snippet:-1","max-image-preview":"max-image-preview:large","max-video-preview":"max-video-preview:-1"},"canonical":"https:\/\/objectif-tourisme.ca\/es\/empresas-turisticas\/","og_locale":"es_ES","og_type":"article","og_title":"Contrataci\u00f3n de solicitantes de asilo en el sector tur\u00edstico - Objectif Tourisme","og_description":"Descubre c\u00f3mo tu empresa tur\u00edstica puede beneficiarse de la contrataci\u00f3n de solicitantes de asilo con Objectif Tourisme. Accede a asesoramiento, recursos y buenas pr\u00e1cticas para integrar el talento diverso y apoyar la inclusi\u00f3n social.","og_url":"https:\/\/objectif-tourisme.ca\/es\/empresas-turisticas\/","og_site_name":"CQRHT - Objectif Tourisme","article_modified_time":"2025-01-22T20:55:44+00:00","twitter_card":"summary_large_image","twitter_misc":{"Tiempo de lectura":"1 minuto"},"schema":{"@context":"https:\/\/schema.org","@graph":[{"@type":"WebPage","@id":"https:\/\/objectif-tourisme.ca\/es\/empresas-turisticas\/","url":"https:\/\/objectif-tourisme.ca\/es\/empresas-turisticas\/","name":"Contrataci\u00f3n de solicitantes de asilo en el sector tur\u00edstico - Objectif Tourisme","isPartOf":{"@id":"https:\/\/objectif-tourisme.ca\/#website"},"datePublished":"2024-05-08T15:39:12+00:00","dateModified":"2025-01-22T20:55:44+00:00","description":"Descubre c\u00f3mo tu empresa tur\u00edstica puede beneficiarse de la contrataci\u00f3n de solicitantes de asilo con Objectif Tourisme. Accede a asesoramiento, recursos y buenas pr\u00e1cticas para integrar el talento diverso y apoyar la inclusi\u00f3n social.","breadcrumb":{"@id":"https:\/\/objectif-tourisme.ca\/es\/empresas-turisticas\/#breadcrumb"},"inLanguage":"es","potentialAction":[{"@type":"ReadAction","target":["https:\/\/objectif-tourisme.ca\/es\/empresas-turisticas\/"]}]},{"@type":"BreadcrumbList","@id":"https:\/\/objectif-tourisme.ca\/es\/empresas-turisticas\/#breadcrumb","itemListElement":[{"@type":"ListItem","position":1,"name":"Accueil","item":"https:\/\/objectif-tourisme.ca\/es\/inicion\/"},{"@type":"ListItem","position":2,"name":"Empresas tur\u00edsticas"}]},{"@type":"WebSite","@id":"https:\/\/objectif-tourisme.ca\/#website","url":"https:\/\/objectif-tourisme.ca\/","name":"CQRHT - Objectif Tourisme","description":"Objectifs Tourisme","publisher":{"@id":"https:\/\/objectif-tourisme.ca\/#organization"},"potentialAction":[{"@type":"SearchAction","target":{"@type":"EntryPoint","urlTemplate":"https:\/\/objectif-tourisme.ca\/?s={search_term_string}"},"query-input":{"@type":"PropertyValueSpecification","valueRequired":true,"valueName":"search_term_string"}}],"inLanguage":"es"},{"@type":"Organization","@id":"https:\/\/objectif-tourisme.ca\/#organization","name":"CQRHT - Objectif Tourisme","url":"https:\/\/objectif-tourisme.ca\/","logo":{"@type":"ImageObject","inLanguage":"es","@id":"https:\/\/objectif-tourisme.ca\/#\/schema\/logo\/image\/","url":"https:\/\/objectif-tourisme.ca\/wp-content\/uploads\/2023\/12\/Logo_ObjectifTourisme-renv.svg","contentUrl":"https:\/\/objectif-tourisme.ca\/wp-content\/uploads\/2023\/12\/Logo_ObjectifTourisme-renv.svg","width":569,"height":155,"caption":"CQRHT - Objectif Tourisme"},"image":{"@id":"https:\/\/objectif-tourisme.ca\/#\/schema\/logo\/image\/"}}]}},"_links":{"self":[{"href":"https:\/\/objectif-tourisme.ca\/es\/wp-json\/wp\/v2\/pages\/2931","targetHints":{"allow":["GET"]}}],"collection":[{"href":"https:\/\/objectif-tourisme.ca\/es\/wp-json\/wp\/v2\/pages"}],"about":[{"href":"https:\/\/objectif-tourisme.ca\/es\/wp-json\/wp\/v2\/types\/page"}],"author":[{"embeddable":true,"href":"https:\/\/objectif-tourisme.ca\/es\/wp-json\/wp\/v2\/users\/1"}],"replies":[{"embeddable":true,"href":"https:\/\/objectif-tourisme.ca\/es\/wp-json\/wp\/v2\/comments?post=2931"}],"version-history":[{"count":10,"href":"https:\/\/objectif-tourisme.ca\/es\/wp-json\/wp\/v2\/pages\/2931\/revisions"}],"predecessor-version":[{"id":4761,"href":"https:\/\/objectif-tourisme.ca\/es\/wp-json\/wp\/v2\/pages\/2931\/revisions\/4761"}],"wp:attachment":[{"href":"https:\/\/objectif-tourisme.ca\/es\/wp-json\/wp\/v2\/media?parent=2931"}],"curies":[{"name":"wp","href":"https:\/\/api.w.org\/{rel}","templated":true}]}}